{"id":69,"date":"2016-04-01T11:27:34","date_gmt":"2016-04-01T09:27:34","guid":{"rendered":"http:\/\/as-fensterbau.homepage.t-online.de\/cms\/wp\/?page_id=69"},"modified":"2018-04-17T22:58:15","modified_gmt":"2018-04-17T20:58:15","slug":"hebeschiebetueren","status":"publish","type":"page","link":"https:\/\/www.as-fensterbau.de\/index.php\/produkte\/hebeschiebetueren","title":{"rendered":"Hebeschiebet\u00fcren"},"content":{"rendered":"<p>[et_pb_section bb_built=&#8221;1&#8243; fullwidth=&#8221;on&#8221; specialty=&#8221;off&#8221; transparent_background=&#8221;off&#8221; background_color=&#8221;#ffffff&#8221; allow_player_pause=&#8221;off&#8221; inner_shadow=&#8221;off&#8221; parallax=&#8221;off&#8221; parallax_method=&#8221;off&#8221; padding_mobile=&#8221;off&#8221; make_fullwidth=&#8221;off&#8221; use_custom_width=&#8221;off&#8221; width_unit=&#8221;on&#8221; make_equal=&#8221;off&#8221; use_custom_gutter=&#8221;off&#8221; custom_padding_tablet=&#8221;50px|0|50px|0&#8243; custom_padding_last_edited=&#8221;on|desktop&#8221; global_module=&#8221;147&#8243;][et_pb_fullwidth_menu admin_label=&#8221;Hauptmen\u00fc&#8221; global_parent=&#8221;147&#8243; menu_id=&#8221;2&#8243; background_color=&#8221;#005396&#8243; background_layout=&#8221;dark&#8221; text_orientation=&#8221;center&#8221; submenu_direction=&#8221;downwards&#8221; fullwidth_menu=&#8221;on&#8221; active_link_color=&#8221;#0e9af2&#8243; dropdown_menu_animation=&#8221;expand&#8221; dropdown_menu_bg_color=&#8221;#ffffff&#8221; dropdown_menu_line_color=&#8221;rgba(197,198,198,0)&#8221; dropdown_menu_text_color=&#8221;#005396&#8243; menu_font_size=&#8221;15px&#8221; menu_font=&#8221;|on||on|&#8221; mobile_menu_bg_color=&#8221;#ffffff&#8221; mobile_menu_text_color=&#8221;#005396&#8243; \/][\/et_pb_section][et_pb_section bb_built=&#8221;1&#8243; admin_label=&#8221;section&#8221; transparent_background=&#8221;off&#8221; background_color=&#8221;#ffffff&#8221; allow_player_pause=&#8221;off&#8221; inner_shadow=&#8221;off&#8221; parallax=&#8221;off&#8221; parallax_method=&#8221;off&#8221; custom_padding=&#8221;0px|||&#8221; padding_mobile=&#8221;off&#8221; make_fullwidth=&#8221;off&#8221; use_custom_width=&#8221;off&#8221; width_unit=&#8221;on&#8221; make_equal=&#8221;off&#8221; use_custom_gutter=&#8221;off&#8221; custom_padding_tablet=&#8221;50px|0|50px|0&#8243; custom_padding_last_edited=&#8221;on|desktop&#8221; global_module=&#8221;148&#8243;][et_pb_row admin_label=&#8221;row&#8221; global_parent=&#8221;148&#8243; background_position=&#8221;top_left&#8221; background_repeat=&#8221;repeat&#8221; background_size=&#8221;initial&#8221;][et_pb_column type=&#8221;1_3&#8243;][et_pb_image admin_label=&#8221;Logo&#8221; global_parent=&#8221;148&#8243; src=&#8221;https:\/\/www.as-fensterbau.de\/wp-content\/uploads\/2016\/04\/Logo-AS-Fensterbau-GmbH.png&#8221; alt=&#8221;AS Fensterbau GmbH&#8221; title_text=&#8221;Qualit\u00e4tsfenster vom Fachbetrieb&#8221; show_in_lightbox=&#8221;off&#8221; url=&#8221;http:\/\/www.as-fensterbau.de&#8221; url_new_window=&#8221;off&#8221; use_overlay=&#8221;off&#8221; animation=&#8221;off&#8221; sticky=&#8221;off&#8221; align=&#8221;left&#8221; force_fullwidth=&#8221;off&#8221; always_center_on_mobile=&#8221;on&#8221; use_border_color=&#8221;off&#8221; border_color=&#8221;#ffffff&#8221; border_style=&#8221;solid&#8221; animation_style=&#8221;none&#8221; animation_duration=&#8221;1000ms&#8221; animation_intensity_slide=&#8221;50%&#8221; show_bottom_space=&#8221;on&#8221; \/][\/et_pb_column][et_pb_column type=&#8221;1_3&#8243;][et_pb_divider global_parent=&#8221;148&#8243; color=&#8221;#ffffff&#8221; show_divider=&#8221;off&#8221; height=&#8221;5&#8243; divider_style=&#8221;solid&#8221; divider_position=&#8221;top&#8221; hide_on_mobile=&#8221;on&#8221; disabled_on=&#8221;on|on|off&#8221; \/][et_pb_text admin_label=&#8221;Rehau Logo&#8221; global_parent=&#8221;148&#8243; background_layout=&#8221;light&#8221; text_orientation=&#8221;left&#8221; use_border_color=&#8221;off&#8221; border_color=&#8221;#ffffff&#8221; border_style=&#8221;solid&#8221; background_position=&#8221;top_left&#8221; background_repeat=&#8221;repeat&#8221; background_size=&#8221;initial&#8221;]<\/p>\n<p><img loading=\"lazy\" decoding=\"async\" class=\"aligncenter size-full wp-image-53\" src=\"https:\/\/www.as-fensterbau.de\/wp-content\/uploads\/2016\/04\/Rehau-Logo.png\" alt=\"Rehau-Logo\" width=\"217\" height=\"100\" \/><\/p>\n<p>[\/et_pb_text][\/et_pb_column][et_pb_column type=&#8221;1_3&#8243;][et_pb_text admin_label=&#8221;Adresse AS Fensterbau&#8221; global_parent=&#8221;148&#8243; background_layout=&#8221;light&#8221; text_orientation=&#8221;left&#8221; use_border_color=&#8221;off&#8221; border_color=&#8221;#ffffff&#8221; border_style=&#8221;solid&#8221; text_font=&#8221;|on|||&#8221; text_text_color=&#8221;#005396&#8243; background_position=&#8221;top_left&#8221; background_repeat=&#8221;repeat&#8221; background_size=&#8221;initial&#8221;]<\/p>\n<p>AS Fensterbau GmbH<\/p>\n<p>Wierlings Busch 3<br \/>\n48249 D\u00fclmen<br \/>\nTel: <a href=\"tel:+492594991123\">0 25 94 \/ 99 11 23<\/a><br \/>\nFax: 0 25 94 \/ 99 11 57<br \/>\nE-Mail: <a href=\"mailto:info@as-fensterbau.de\">info@as-fensterbau.de<\/a><\/p>\n<p>Mo bis Fr: 7:00 bis 17:00 Uhr Sa: 9.00 bis 12.00 Uhr oder nach Vereinbarung<\/p>\n<p>[\/et_pb_text][\/et_pb_column][\/et_pb_row][\/et_pb_section][et_pb_section bb_built=&#8221;1&#8243; fullwidth=&#8221;on&#8221; specialty=&#8221;off&#8221; transparent_background=&#8221;off&#8221; background_color=&#8221;#ffffff&#8221; allow_player_pause=&#8221;off&#8221; inner_shadow=&#8221;off&#8221; parallax=&#8221;off&#8221; parallax_method=&#8221;off&#8221; padding_mobile=&#8221;off&#8221; make_fullwidth=&#8221;off&#8221; use_custom_width=&#8221;off&#8221; width_unit=&#8221;on&#8221; make_equal=&#8221;off&#8221; use_custom_gutter=&#8221;off&#8221; custom_padding_tablet=&#8221;50px|0|50px|0&#8243; custom_padding_last_edited=&#8221;on|desktop&#8221;][et_pb_fullwidth_slider show_arrows=&#8221;on&#8221; show_pagination=&#8221;on&#8221; auto=&#8221;off&#8221; auto_ignore_hover=&#8221;off&#8221; parallax=&#8221;off&#8221; parallax_method=&#8221;off&#8221; remove_inner_shadow=&#8221;off&#8221; background_position=&#8221;default&#8221; background_size=&#8221;default&#8221; hide_content_on_mobile=&#8221;off&#8221; hide_cta_on_mobile=&#8221;off&#8221; show_image_video_mobile=&#8221;off&#8221; custom_button=&#8221;off&#8221; button_letter_spacing=&#8221;0&#8243; button_use_icon=&#8221;default&#8221; button_icon_placement=&#8221;right&#8221; button_on_hover=&#8221;on&#8221; button_letter_spacing_hover=&#8221;0&#8243; custom_padding=&#8221;|||&#8221; custom_padding_tablet=&#8221;|||&#8221; custom_padding_phone=&#8221;|||&#8221; show_inner_shadow=&#8221;on&#8221; show_content_on_mobile=&#8221;on&#8221; show_cta_on_mobile=&#8221;on&#8221;][et_pb_slide background_image=&#8221;https:\/\/www.as-fensterbau.de\/wp-content\/uploads\/2016\/04\/header-hs-tueren.jpg&#8221; background_position=&#8221;top_center&#8221; background_size=&#8221;default&#8221; background_color=&#8221;#ffffff&#8221; use_bg_overlay=&#8221;off&#8221; use_text_overlay=&#8221;off&#8221; alignment=&#8221;center&#8221; background_layout=&#8221;dark&#8221; allow_player_pause=&#8221;off&#8221; text_border_radius=&#8221;3&#8243; header_font_select=&#8221;default&#8221; header_font=&#8221;|||on|&#8221; body_font_select=&#8221;default&#8221; body_font=&#8221;||||&#8221; custom_button=&#8221;off&#8221; button_font_select=&#8221;default&#8221; button_font=&#8221;||||&#8221; button_use_icon=&#8221;default&#8221; button_icon_placement=&#8221;right&#8221; button_on_hover=&#8221;on&#8221; heading=&#8221;Individuell f\u00fcr den besonderen Wohnkomfort&#8221;] [\/et_pb_slide][\/et_pb_fullwidth_slider][\/et_pb_section][et_pb_section bb_built=&#8221;1&#8243; admin_label=&#8221;section&#8221;][et_pb_row][et_pb_column type=&#8221;4_4&#8243;][et_pb_toggle admin_label=&#8221;SYNEGO&#8221; _builder_version=&#8221;3.0.98&#8243; title=&#8221;REHAU SYNEGO&#8221; open=&#8221;on&#8221;]<\/p>\n<h2>SYNEGO Hebeschiebet\u00fcr<\/h2>\n<h4>Mehr Panorama &amp; Weitblick<\/h4>\n<p><a href=\"http:\/\/www.as-fensterbau.de\/wp-content\/uploads\/2018\/04\/Synego-Hebeschiebetuer.jpg\"><img loading=\"lazy\" decoding=\"async\" class=\"size-full wp-image-974 alignright\" src=\"http:\/\/www.as-fensterbau.de\/wp-content\/uploads\/2018\/04\/Synego-Hebeschiebetuer.jpg\" alt=\"\" width=\"300\" height=\"300\" srcset=\"https:\/\/www.as-fensterbau.de\/wp-content\/uploads\/2018\/04\/Synego-Hebeschiebetuer.jpg 300w, https:\/\/www.as-fensterbau.de\/wp-content\/uploads\/2018\/04\/Synego-Hebeschiebetuer-150x150.jpg 150w\" sizes=\"auto, (max-width: 300px) 100vw, 300px\" \/><\/a>Energieeffizienz und ein Plus an Panorama gehen ab sofort Hand in Hand \u2013 SYNEGO Hebeschiebet\u00fcren machen dies m\u00f6glich. So kommen Naturfreunde und Sonnenanbeter ganz auf Ihre Kosten. Die Hebeschiebet\u00fcren SYNEGO stehen in allen g\u00e4ngigen \u00d6ffnungsschemata zur Verf\u00fcgung. Sie bieten hervorrage Stabilit\u00e4t bei geringem Gewicht, sind einfach in der Handhabung und leicht zu schieben.<\/p>\n<ul>\n<li>80 mm Bautiefe<\/li>\n<li>5-Kammer-System<\/li>\n<li>W\u00e4rmed\u00e4mmung Uf bis 1,3 W\/m\u00b2K<\/li>\n<li>Einbruchhemmung bis RC2 nach DIN EN 1627<\/li>\n<li>Schalld\u00e4mmung bis Rw bis 43 dB<\/li>\n<li>Luftdurchl\u00e4ssigkeit: Klasse 4 nach DIN EN 12207<\/li>\n<li>Schlagregendichtheit: bis Klasse 9A nach DIN EN 12208<\/li>\n<li>Widerstandsf\u00e4higkeit gegen Windlast: bis Klasse B3 nach DIN EN 12210<\/li>\n<li>Dauerfunktion Klasse 2 nach DIN EN 12400<\/li>\n<li>Fl\u00fcgelgesamtgewicht bis zu 400 kg<\/li>\n<li>HDF-Oberfl\u00e4che<\/li>\n<\/ul>\n<p><strong>Vorteile<\/strong><\/p>\n<ul>\n<li>Glasst\u00e4rke bis 51 mm<\/li>\n<li>Hochwertige Dichtungen f\u00fcr verbesserten Bedienkomfort<\/li>\n<li>Versiegelte HDF-Oberfl\u00e4che f\u00fcr unvergleichbare Brillanz und komfortable Pflege<\/li>\n<li>Elementbreite von 10 Metern und Elementh\u00f6he bis zu 2,70 Metern m\u00f6glich<\/li>\n<li>Realisierbare Durchgangsbreite von 5 Metern<\/li>\n<li>Umweltfreundlich, da recyclebar<\/li>\n<li>Energieeffizienz in Perfektion<\/li>\n<li>Optimaler Komfort \u00fcber verschiedene Ausstattungsfeatures realisierbar<\/li>\n<\/ul>\n<p><strong>Einsatzm\u00f6glichkeiten<\/strong><\/p>\n<ul>\n<li>Neubau &amp; Sanierung<\/li>\n<li>Flie\u00dfender \u00dcbergang vom Wohnraum zu Balkon, Terrasse oder Garten<\/li>\n<li>Auch in Winterg\u00e4rten einsetzbar<\/li>\n<\/ul>\n<p><strong>Design<\/strong><\/p>\n<ul>\n<li>Alle g\u00e4ngigen \u00d6ffnungsschemata<\/li>\n<li>Designvielfalt mit KALEIDO COLOR<\/li>\n<\/ul>\n<p><a href=\"\/wp-content\/uploads\/2018\/04\/Synego-Hebeschiebetuer.pdf\" target=\"_blank\" rel=\"noopener\">Weitere Informationen zum Download als PDF<\/a><\/p>\n<p>&nbsp;<\/p>\n<p><a href=\"http:\/\/www.as-fensterbau.de\/wp-content\/uploads\/2018\/04\/Synego-Hebeschiebetuer-Technische-Daten-600.png\"><img loading=\"lazy\" decoding=\"async\" class=\"alignleft size-full wp-image-973\" src=\"http:\/\/www.as-fensterbau.de\/wp-content\/uploads\/2018\/04\/Synego-Hebeschiebetuer-Technische-Daten-600.png\" alt=\"\" width=\"600\" height=\"403\" srcset=\"https:\/\/www.as-fensterbau.de\/wp-content\/uploads\/2018\/04\/Synego-Hebeschiebetuer-Technische-Daten-600.png 600w, https:\/\/www.as-fensterbau.de\/wp-content\/uploads\/2018\/04\/Synego-Hebeschiebetuer-Technische-Daten-600-300x202.png 300w\" sizes=\"auto, (max-width: 600px) 100vw, 600px\" \/><\/a><\/p>\n<p>[\/et_pb_toggle][et_pb_toggle admin_label=&#8221;GENEO&#8221; _builder_version=&#8221;3.0.98&#8243; title=&#8221;REHAU GENEO&#8221; open=&#8221;off&#8221;]<\/p>\n<h2>Hebeschiebet\u00fcren<\/h2>\n<p><a href=\"http:\/\/www.as-fensterbau.de\/wp-content\/uploads\/2016\/04\/hebeschiebtueren.jpg\"><img loading=\"lazy\" decoding=\"async\" class=\"alignright wp-image-341 size-full\" src=\"https:\/\/www.as-fensterbau.de\/wp-content\/uploads\/2016\/04\/hebeschiebtueren.jpg\" alt=\"hebeschiebtueren\" width=\"220\" height=\"337\" srcset=\"https:\/\/www.as-fensterbau.de\/wp-content\/uploads\/2016\/04\/hebeschiebtueren.jpg 220w, https:\/\/www.as-fensterbau.de\/wp-content\/uploads\/2016\/04\/hebeschiebtueren-196x300.jpg 196w\" sizes=\"auto, (max-width: 220px) 100vw, 220px\" \/><\/a>Das Hebeschiebetu\u0308rsystem GENEO stellt die konsequente Erweiterung der wegweisenden GENEO Systemfamilie dar. Sie u\u0308berzeugt durch innovative Technologien und ho\u0308chste Pra\u0308zision in Konstruktion und Fertigung. Schon auf den ersten Blick wird klar, dass REHAU nun auch im Bereich der Hebeschiebetu\u0308rsysteme neue Ma\u00dfsta\u0308be setzt.<\/p>\n<p>Durch den Einsatz des Hightech-Werkstoffs RAU-FIPRO wird die Profilstabilita\u0308t erho\u0308ht und die Wa\u0308rmeda\u0308mmwerte optimiert.<br \/>\nDurch die Systemkonstruktion, mit einer Profilbautiefe von 86 mm und einem Mehrkammer- Zargenprofil, ko\u0308nnen Hebeschiebetu\u0308relemente mit Wa\u0308rmeda\u0308mmwerten gema\u0308\u00df Passivhausstandard ausgefu\u0308hrt werden.<br \/>\nEinbruchhemmung bis Widerstandsklasse 2, optimaler Schallschutz bis Rw,P = 42 dB (SSK4).<br \/>\nUmlaufende Dichtungen mit vulkanisierten Ecken schu\u0308tzen vor Zugluft, Staub, Wasser und Wa\u0308rmeverlust.<br \/>\nLeichte Bedienbarkeit durch optimal abgestimmte Systemtechnik plus innovative Konstruktionsdetails.<br \/>\nGlatte und witterungsbesta\u0308ndige Oberfla\u0308chen ko\u0308nnen zudem mit Folienkaschierung sowie au\u00dfenseitig mit Aluminium-Vorsatzschale ausgefu\u0308hrt werden.<br \/>\nDurch den a\u0308u\u00dferst belastbaren RAU-FIPRO Werkstoff ko\u0308nnen Elemente bis zu einer Ho\u0308he von 2,7 m und Flu\u0308gelgewichten bis 400 kg realisiert werden.<br \/>\nHebeschiebetu\u0308ren aus GENEO erfu\u0308llen die Anforderungen an die Barrierefreiheit nach DIN 18025 problemlos.<br \/>\nHohe Investitionssicherheit durch die Erfu\u0308llung der EnEV-Standards und damit langfristiger Werterhalt Ihrer Immobilie.<\/p>\n<p><a href=\"\/wp-content\/uploads\/2016\/04\/GENEO-Hebeschiebet\u00fcren.pdf\" target=\"_blank\" rel=\"noopener\">Weitere Informationen zum Download als PDF<\/a><\/p>\n<p><a href=\"http:\/\/www.as-fensterbau.de\/wp-content\/uploads\/2016\/04\/HST-grafik.png\"><img loading=\"lazy\" decoding=\"async\" class=\"size-full wp-image-344 alignnone\" src=\"http:\/\/www.as-fensterbau.de\/wp-content\/uploads\/2016\/04\/HST-grafik.png\" alt=\"\" width=\"500\" height=\"302\" srcset=\"https:\/\/www.as-fensterbau.de\/wp-content\/uploads\/2016\/04\/HST-grafik.png 500w, https:\/\/www.as-fensterbau.de\/wp-content\/uploads\/2016\/04\/HST-grafik-300x181.png 300w\" sizes=\"auto, (max-width: 500px) 100vw, 500px\" \/><\/a><\/p>\n<p>&nbsp;<\/p>\n<ul class=\"et_post_gallery clearfix\">\n\t\t\t\t\t<li class=\"et_gallery_item et_pb_gallery_image\">\n\t\t\t\t\t\t<a href=\"https:\/\/www.as-fensterbau.de\/wp-content\/uploads\/2016\/04\/980-D119_170757_1.1-1.jpg\" title=\"980-D119_170757_1.1\">\n\t\t\t\t\t\t\t<span class=\"et_portfolio_image\">\n\t\t\t\t\t\t\t\t<img loading=\"lazy\" decoding=\"async\" width=\"400\" height=\"284\" src=\"https:\/\/www.as-fensterbau.de\/wp-content\/uploads\/2016\/04\/980-D119_170757_1.1-1-800x568.jpg\" class=\"attachment-et-pb-portfolio-image size-et-pb-portfolio-image\" alt=\"\" srcset=\"https:\/\/www.as-fensterbau.de\/wp-content\/uploads\/2016\/04\/980-D119_170757_1.1-1-800x568.jpg 800w, https:\/\/www.as-fensterbau.de\/wp-content\/uploads\/2016\/04\/980-D119_170757_1.1-1-480x340.jpg 480w\" sizes=\"auto, (max-width: 400px) 100vw, 400px\" \/>\n\t\t\t\t\t\t\t\t<span class=\"et_overlay\"><\/span>\n\t\t\t\t\t\t\t<\/span>\n\t\t\t\t\t\t<\/a>\n\t\t\t\t\t\t\n\t\t\t\t\t<\/li><li class=\"et_gallery_item et_pb_gallery_image\">\n\t\t\t\t\t\t<a href=\"https:\/\/www.as-fensterbau.de\/wp-content\/uploads\/2016\/04\/geneo_podizno_klizna_11-239-800-600-80.png\" title=\"geneo_podizno_klizna_11-239-800-600-80\">\n\t\t\t\t\t\t\t<span class=\"et_portfolio_image\">\n\t\t\t\t\t\t\t\t<img loading=\"lazy\" decoding=\"async\" width=\"291\" height=\"284\" src=\"https:\/\/www.as-fensterbau.de\/wp-content\/uploads\/2016\/04\/geneo_podizno_klizna_11-239-800-600-80-582x568.png\" class=\"attachment-et-pb-portfolio-image size-et-pb-portfolio-image\" alt=\"\" \/>\n\t\t\t\t\t\t\t\t<span class=\"et_overlay\"><\/span>\n\t\t\t\t\t\t\t<\/span>\n\t\t\t\t\t\t<\/a>\n\t\t\t\t\t\t\n\t\t\t\t\t<\/li><li class=\"et_gallery_item et_pb_gallery_image\">\n\t\t\t\t\t\t<a href=\"https:\/\/www.as-fensterbau.de\/wp-content\/uploads\/2016\/04\/hebeschiebetuer-geneo-profil-gross.jpg\" title=\"hebeschiebetuer-geneo-profil-gross\">\n\t\t\t\t\t\t\t<span class=\"et_portfolio_image\">\n\t\t\t\t\t\t\t\t<img loading=\"lazy\" decoding=\"async\" width=\"400\" height=\"284\" src=\"https:\/\/www.as-fensterbau.de\/wp-content\/uploads\/2016\/04\/hebeschiebetuer-geneo-profil-gross-800x568.jpg\" class=\"attachment-et-pb-portfolio-image size-et-pb-portfolio-image\" alt=\"\" srcset=\"https:\/\/www.as-fensterbau.de\/wp-content\/uploads\/2016\/04\/hebeschiebetuer-geneo-profil-gross-800x568.jpg 800w, https:\/\/www.as-fensterbau.de\/wp-content\/uploads\/2016\/04\/hebeschiebetuer-geneo-profil-gross-480x340.jpg 480w\" sizes=\"auto, (max-width: 400px) 100vw, 400px\" \/>\n\t\t\t\t\t\t\t\t<span class=\"et_overlay\"><\/span>\n\t\t\t\t\t\t\t<\/span>\n\t\t\t\t\t\t<\/a>\n\t\t\t\t\t\t\n\t\t\t\t\t<\/li><li class=\"et_gallery_item et_pb_gallery_image\">\n\t\t\t\t\t\t<a href=\"https:\/\/www.as-fensterbau.de\/wp-content\/uploads\/2016\/04\/geneo_podizno_klizna_10-238-800-600-80.png\" title=\"geneo_podizno_klizna_10-238-800-600-80\">\n\t\t\t\t\t\t\t<span class=\"et_portfolio_image\">\n\t\t\t\t\t\t\t\t<img loading=\"lazy\" decoding=\"async\" width=\"291\" height=\"284\" src=\"https:\/\/www.as-fensterbau.de\/wp-content\/uploads\/2016\/04\/geneo_podizno_klizna_10-238-800-600-80-582x568.png\" class=\"attachment-et-pb-portfolio-image size-et-pb-portfolio-image\" alt=\"\" \/>\n\t\t\t\t\t\t\t\t<span class=\"et_overlay\"><\/span>\n\t\t\t\t\t\t\t<\/span>\n\t\t\t\t\t\t<\/a>\n\t\t\t\t\t\t\n\t\t\t\t\t<\/li><li class=\"et_gallery_item et_pb_gallery_image\">\n\t\t\t\t\t\t<a href=\"https:\/\/www.as-fensterbau.de\/wp-content\/uploads\/2016\/04\/0002270A_89460_0.jpg\" title=\"0002270A_89460_0\">\n\t\t\t\t\t\t\t<span class=\"et_portfolio_image\">\n\t\t\t\t\t\t\t\t<img loading=\"lazy\" decoding=\"async\" width=\"400\" height=\"284\" src=\"https:\/\/www.as-fensterbau.de\/wp-content\/uploads\/2016\/04\/0002270A_89460_0-400x284.jpg\" class=\"attachment-et-pb-portfolio-image size-et-pb-portfolio-image\" alt=\"\" \/>\n\t\t\t\t\t\t\t\t<span class=\"et_overlay\"><\/span>\n\t\t\t\t\t\t\t<\/span>\n\t\t\t\t\t\t<\/a>\n\t\t\t\t\t\t\n\t\t\t\t\t<\/li><li class=\"et_gallery_item et_pb_gallery_image\">\n\t\t\t\t\t\t<a href=\"https:\/\/www.as-fensterbau.de\/wp-content\/uploads\/2016\/04\/0002270C_89458_0.jpg\" title=\"0002270C_89458_0\">\n\t\t\t\t\t\t\t<span class=\"et_portfolio_image\">\n\t\t\t\t\t\t\t\t<img loading=\"lazy\" decoding=\"async\" width=\"400\" height=\"284\" src=\"https:\/\/www.as-fensterbau.de\/wp-content\/uploads\/2016\/04\/0002270C_89458_0-400x284.jpg\" class=\"attachment-et-pb-portfolio-image size-et-pb-portfolio-image\" alt=\"\" \/>\n\t\t\t\t\t\t\t\t<span class=\"et_overlay\"><\/span>\n\t\t\t\t\t\t\t<\/span>\n\t\t\t\t\t\t<\/a>\n\t\t\t\t\t\t\n\t\t\t\t\t<\/li>\n\t\t\t\t<\/ul>\n<p>[\/et_pb_toggle][\/et_pb_column][\/et_pb_row][\/et_pb_section]<\/p>\n","protected":false},"excerpt":{"rendered":"<p>[et_pb_section bb_built=&#8221;1&#8243; fullwidth=&#8221;on&#8221; specialty=&#8221;off&#8221; transparent_background=&#8221;off&#8221; background_color=&#8221;#ffffff&#8221; allow_player_pause=&#8221;off&#8221; inner_shadow=&#8221;off&#8221; parallax=&#8221;off&#8221; parallax_method=&#8221;off&#8221; padding_mobile=&#8221;off&#8221; make_fullwidth=&#8221;off&#8221; use_custom_width=&#8221;off&#8221; width_unit=&#8221;on&#8221; make_equal=&#8221;off&#8221; use_custom_gutter=&#8221;off&#8221; custom_padding_tablet=&#8221;50px|0|50px|0&#8243; custom_padding_last_edited=&#8221;on|desktop&#8221; global_module=&#8221;147&#8243;][et_pb_fullwidth_menu admin_label=&#8221;Hauptmen\u00fc&#8221; global_parent=&#8221;147&#8243; menu_id=&#8221;2&#8243; background_color=&#8221;#005396&#8243; background_layout=&#8221;dark&#8221; text_orientation=&#8221;center&#8221; submenu_direction=&#8221;downwards&#8221; fullwidth_menu=&#8221;on&#8221; active_link_color=&#8221;#0e9af2&#8243; dropdown_menu_animation=&#8221;expand&#8221; dropdown_menu_bg_color=&#8221;#ffffff&#8221; dropdown_menu_line_color=&#8221;rgba(197,198,198,0)&#8221; dropdown_menu_text_color=&#8221;#005396&#8243; menu_font_size=&#8221;15px&#8221; menu_font=&#8221;|on||on|&#8221; mobile_menu_bg_color=&#8221;#ffffff&#8221; mobile_menu_text_color=&#8221;#005396&#8243; \/][\/et_pb_section][et_pb_section bb_built=&#8221;1&#8243; admin_label=&#8221;section&#8221; transparent_background=&#8221;off&#8221; background_color=&#8221;#ffffff&#8221; allow_player_pause=&#8221;off&#8221; inner_shadow=&#8221;off&#8221; parallax=&#8221;off&#8221; parallax_method=&#8221;off&#8221; custom_padding=&#8221;0px|||&#8221; padding_mobile=&#8221;off&#8221; make_fullwidth=&#8221;off&#8221; use_custom_width=&#8221;off&#8221; width_unit=&#8221;on&#8221; make_equal=&#8221;off&#8221; use_custom_gutter=&#8221;off&#8221; custom_padding_tablet=&#8221;50px|0|50px|0&#8243; custom_padding_last_edited=&#8221;on|desktop&#8221; global_module=&#8221;148&#8243;][et_pb_row [&hellip;]<\/p>\n","protected":false},"author":2,"featured_media":0,"parent":63,"menu_order":0,"comment_status":"closed","ping_status":"closed","template":"","meta":{"_et_pb_use_builder":"on","_et_pb_old_content":"","_et_gb_content_width":"","inline_featured_image":false,"footnotes":""},"class_list":["post-69","page","type-page","status-publish","hentry"],"_links":{"self":[{"href":"https:\/\/www.as-fensterbau.de\/index.php\/wp-json\/wp\/v2\/pages\/69","targetHints":{"allow":["GET"]}}],"collection":[{"href":"https:\/\/www.as-fensterbau.de\/index.php\/wp-json\/wp\/v2\/pages"}],"about":[{"href":"https:\/\/www.as-fensterbau.de\/index.php\/wp-json\/wp\/v2\/types\/page"}],"author":[{"embeddable":true,"href":"https:\/\/www.as-fensterbau.de\/index.php\/wp-json\/wp\/v2\/users\/2"}],"replies":[{"embeddable":true,"href":"https:\/\/www.as-fensterbau.de\/index.php\/wp-json\/wp\/v2\/comments?post=69"}],"version-history":[{"count":26,"href":"https:\/\/www.as-fensterbau.de\/index.php\/wp-json\/wp\/v2\/pages\/69\/revisions"}],"predecessor-version":[{"id":976,"href":"https:\/\/www.as-fensterbau.de\/index.php\/wp-json\/wp\/v2\/pages\/69\/revisions\/976"}],"up":[{"embeddable":true,"href":"https:\/\/www.as-fensterbau.de\/index.php\/wp-json\/wp\/v2\/pages\/63"}],"wp:attachment":[{"href":"https:\/\/www.as-fensterbau.de\/index.php\/wp-json\/wp\/v2\/media?parent=69"}],"curies":[{"name":"wp","href":"https:\/\/api.w.org\/{rel}","templated":true}]}}